{"id":42,"date":"2023-06-08T14:24:58","date_gmt":"2023-06-08T14:24:58","guid":{"rendered":"https:\/\/www.domusrental.com\/blog\/blog-domus-rental\/"},"modified":"2025-11-21T08:49:06","modified_gmt":"2025-11-21T08:49:06","slug":"blog","status":"publish","type":"page","link":"https:\/\/www.domusrental.com\/blog\/de\/","title":{"rendered":"Blog | Domus Rental"},"content":{"rendered":"\t\t<div data-elementor-type=\"wp-page\" data-elementor-id=\"42\" class=\"elementor elementor-42 elementor-23\" data-elementor-post-type=\"page\">\n\t\t\t\t<div class=\"elementor-element elementor-element-f10dc69 e-flex e-con-boxed e-con e-parent\" data-id=\"f10dc69\" data-element_type=\"container\" data-e-type=\"container\">\n\t\t\t\t\t<div class=\"e-con-inner\">\n\t\t\t\t<div class=\"elementor-element elementor-element-220806d elementor-widget elementor-widget-search\" data-id=\"220806d\" data-element_type=\"widget\" data-e-type=\"widget\" data-settings=\"{&quot;submit_trigger&quot;:&quot;click_submit&quot;,&quot;pagination_type_options&quot;:&quot;none&quot;}\" data-widget_type=\"search.default\">\n\t\t\t\t<div class=\"elementor-widget-container\">\n\t\t\t\t\t\t\t<search class=\"e-search hidden\" role=\"search\">\n\t\t\t<form class=\"e-search-form\" action=\"https:\/\/www.domusrental.com\/blog\/de\/\" method=\"get\">\n\n\t\t\t\t\n\t\t\t\t<label class=\"e-search-label\" for=\"search-220806d\">\n\t\t\t\t\t<span class=\"elementor-screen-only\">\n\t\t\t\t\t\tSuche\t\t\t\t\t<\/span>\n\t\t\t\t\t\t\t\t\t<\/label>\n\n\t\t\t\t<div class=\"e-search-input-wrapper\">\n\t\t\t\t\t<input id=\"search-220806d\" placeholder=\"Geben Sie ein, um mit der Suche zu beginnen...\" class=\"e-search-input\" type=\"search\" name=\"s\" value=\"\" autocomplete=\"off\" role=\"combobox\" aria-autocomplete=\"list\" aria-expanded=\"false\" aria-controls=\"results-220806d\" aria-haspopup=\"listbox\">\n\t\t\t\t\t<i aria-hidden=\"true\" class=\"fas fa-times\"><\/i>\t\t\t\t\t\t\t\t\t\t<output id=\"results-220806d\" class=\"e-search-results-container hide-loader\" aria-live=\"polite\" aria-atomic=\"true\" aria-label=\"Ergebnisse f\u00fcr Suche\" tabindex=\"0\">\n\t\t\t\t\t\t<div class=\"e-search-results\"><\/div>\n\t\t\t\t\t\t\t\t\t\t\t<\/output>\n\t\t\t\t\t\t\t\t\t<\/div>\n\t\t\t\t\n\t\t\t\t\n\t\t\t\t<button class=\"e-search-submit  \" type=\"submit\">\n\t\t\t\t\t\n\t\t\t\t\t\t\t\t\t\t<span class=\"\">\n\t\t\t\t\t\tSUCHE\t\t\t\t\t<\/span>\n\t\t\t\t\t\t\t\t\t<\/button>\n\t\t\t\t<input type=\"hidden\" name=\"e_search_props\" value=\"220806d-42\">\n\t\t\t<\/form>\n\t\t<\/search>\n\t\t\t\t\t\t<\/div>\n\t\t\t\t<\/div>\n\t\t\t\t\t<\/div>\n\t\t\t\t<\/div>\n\t\t\t\t<section class=\"elementor-section elementor-top-section elementor-element elementor-element-5a45a84 elementor-section-boxed elementor-section-height-default elementor-section-height-default\" data-id=\"5a45a84\" data-element_type=\"section\" data-e-type=\"section\">\n\t\t\t\t\t\t<div class=\"elementor-container elementor-column-gap-default\">\n\t\t\t\t\t<div class=\"elementor-column elementor-col-100 elementor-top-column elementor-element elementor-element-10f7849\" data-id=\"10f7849\" data-element_type=\"column\" data-e-type=\"column\">\n\t\t\t<div class=\"elementor-widget-wrap elementor-element-populated\">\n\t\t\t\t\t\t<div class=\"elementor-element elementor-element-355c6b2 elementor-widget elementor-widget-heading\" data-id=\"355c6b2\" data-element_type=\"widget\" data-e-type=\"widget\" data-widget_type=\"heading.default\">\n\t\t\t\t<div class=\"elementor-widget-container\">\n\t\t\t\t\t<h2 class=\"elementor-heading-title elementor-size-default\">Willkommen am bezaubernden Gardasee<\/h2>\t\t\t\t<\/div>\n\t\t\t\t<\/div>\n\t\t\t\t<div class=\"elementor-element elementor-element-8f89889 elementor-widget elementor-widget-text-editor\" data-id=\"8f89889\" data-element_type=\"widget\" data-e-type=\"widget\" data-widget_type=\"text-editor.default\">\n\t\t\t\t<div class=\"elementor-widget-container\">\n\t\t\t\t\t\t\t\t\t<div class=\"w-full text-token-text-primary sm:AIPRM__conversation__response\" data-testid=\"conversation-turn-265\"><div class=\"px-4 py-2 justify-center text-base md:gap-6 m-auto\"><div class=\"flex flex-1 text-base mx-auto gap-3 md:px-5 lg:px-1 xl:px-5 md:max-w-3xl lg:max-w-[40rem] xl:max-w-[48rem] group\"><div class=\"relative flex w-full flex-col lg:w-[calc(100%-115px)] agent-turn\"><div class=\"flex-col gap-1 md:gap-3\"><div class=\"flex flex-grow flex-col max-w-full\"><div class=\"min-h-[20px] text-message flex flex-col items-start gap-3 whitespace-pre-wrap break-words [.text-message+&amp;]:mt-5 overflow-x-auto\" data-message-author-role=\"assistant\" data-message-id=\"1a21ac50-6d09-4a04-afa8-010fa1d81bd6\"><div class=\"markdown prose w-full break-words dark:prose-invert light AIPRM__conversation__response\"><p>Begleiten Sie uns auf einer Entdeckungsreise, w\u00e4hrend wir die atemberaubenden Landschaften, charmanten St\u00e4dtchen am See und verborgene Sch\u00e4tze erkunden, die dieses italienische Paradies zu einem absoluten Muss machen. Machen Sie sich bereit, in die Sch\u00f6nheit und Ruhe des Gardasees einzutauchen.<\/p><\/div><\/div><\/div><\/div><\/div><\/div><\/div><\/div>\t\t\t\t\t\t\t\t<\/div>\n\t\t\t\t<\/div>\n\t\t\t\t<div class=\"elementor-element elementor-element-68a6aa8 e-n-tabs-mobile elementor-widget elementor-widget-n-tabs\" data-id=\"68a6aa8\" data-element_type=\"widget\" data-e-type=\"widget\" data-settings=\"{&quot;horizontal_scroll&quot;:&quot;disable&quot;}\" data-widget_type=\"nested-tabs.default\">\n\t\t\t\t<div class=\"elementor-widget-container\">\n\t\t\t\t\t\t\t<div class=\"e-n-tabs\" data-widget-number=\"109734568\" aria-label=\"Tabs. Open items with Enter or Space, close with Escape and navigate using the Arrow keys.\">\n\t\t\t<div class=\"e-n-tabs-heading\" role=\"tablist\">\n\t\t\t\t\t<button id=\"e-n-tab-title-1097345681\" data-tab-title-id=\"e-n-tab-title-1097345681\" class=\"e-n-tab-title\" aria-selected=\"true\" data-tab-index=\"1\" role=\"tab\" tabindex=\"0\" aria-controls=\"e-n-tab-content-1097345681\" style=\"--n-tabs-title-order: 1;\">\n\t\t\t\t\t\t<span class=\"e-n-tab-title-text\">\n\t\t\t\tSt\u00e4dten\t\t\t<\/span>\n\t\t<\/button>\n\t\t\t\t<button id=\"e-n-tab-title-1097345682\" data-tab-title-id=\"e-n-tab-title-1097345682\" class=\"e-n-tab-title\" aria-selected=\"false\" data-tab-index=\"2\" role=\"tab\" tabindex=\"-1\" aria-controls=\"e-n-tab-content-1097345682\" style=\"--n-tabs-title-order: 2;\">\n\t\t\t\t\t\t<span class=\"e-n-tab-title-text\">\n\t\t\t\tErfahrungen\t\t\t<\/span>\n\t\t<\/button>\n\t\t\t\t<button id=\"e-n-tab-title-1097345683\" data-tab-title-id=\"e-n-tab-title-1097345683\" class=\"e-n-tab-title\" aria-selected=\"false\" data-tab-index=\"3\" role=\"tab\" tabindex=\"-1\" aria-controls=\"e-n-tab-content-1097345683\" style=\"--n-tabs-title-order: 3;\">\n\t\t\t\t\t\t<span class=\"e-n-tab-title-text\">\n\t\t\t\tGastronomie\t\t\t<\/span>\n\t\t<\/button>\n\t\t\t\t<button id=\"e-n-tab-title-1097345684\" data-tab-title-id=\"e-n-tab-title-1097345684\" class=\"e-n-tab-title\" aria-selected=\"false\" data-tab-index=\"4\" role=\"tab\" tabindex=\"-1\" aria-controls=\"e-n-tab-content-1097345684\" style=\"--n-tabs-title-order: 4;\">\n\t\t\t\t\t\t<span class=\"e-n-tab-title-text\">\n\t\t\t\tVeranstaltungen\t\t\t<\/span>\n\t\t<\/button>\n\t\t\t\t<button id=\"e-n-tab-title-1097345685\" data-tab-title-id=\"e-n-tab-title-1097345685\" class=\"e-n-tab-title\" aria-selected=\"false\" data-tab-index=\"5\" role=\"tab\" tabindex=\"-1\" aria-controls=\"e-n-tab-content-1097345685\" style=\"--n-tabs-title-order: 5;\">\n\t\t\t\t\t\t<span class=\"e-n-tab-title-text\">\n\t\t\t\tAlles \u00fcber den Gardasee\t\t\t<\/span>\n\t\t<\/button>\n\t\t\t\t\t<\/div>\n\t\t\t<div class=\"e-n-tabs-content\">\n\t\t\t\t<div id=\"e-n-tab-content-1097345681\" role=\"tabpanel\" aria-labelledby=\"e-n-tab-title-1097345681\" data-tab-index=\"1\" style=\"--n-tabs-title-order: 1;\" class=\"e-active elementor-element elementor-element-01e0e36 e-con-full e-flex e-con e-child\" data-id=\"01e0e36\" data-element_type=\"container\" data-e-type=\"container\">\n\t\t\t\t<div class=\"elementor-element elementor-element-580f286 elementor-widget elementor-widget-heading\" data-id=\"580f286\" data-element_type=\"widget\" data-e-type=\"widget\" data-widget_type=\"heading.default\">\n\t\t\t\t<div class=\"elementor-widget-container\">\n\t\t\t\t\t<h2 class=\"elementor-heading-title elementor-size-default\">Die wichtigsten St\u00e4dte am Gardasee<\/h2>\t\t\t\t<\/div>\n\t\t\t\t<\/div>\n\t\t\t\t<div class=\"elementor-element elementor-element-afa2ade elementor-widget elementor-widget-text-editor\" data-id=\"afa2ade\" data-element_type=\"widget\" data-e-type=\"widget\" data-widget_type=\"text-editor.default\">\n\t\t\t\t<div class=\"elementor-widget-container\">\n\t\t\t\t\t\t\t\t\t<p>Entdecken Sie die charmanten D\u00f6rfer und die ber\u00fchmtesten St\u00e4dte rund um den Gardasee!<\/p>\t\t\t\t\t\t\t\t<\/div>\n\t\t\t\t<\/div>\n\t\t\t\t<div class=\"elementor-element elementor-element-eb9b9c0 elementor-mobile-align-center elementor-align-center elementor-widget elementor-widget-button\" data-id=\"eb9b9c0\" data-element_type=\"widget\" data-e-type=\"widget\" data-widget_type=\"button.default\">\n\t\t\t\t<div class=\"elementor-widget-container\">\n\t\t\t\t\t\t\t\t\t<div class=\"elementor-button-wrapper\">\n\t\t\t\t\t<a class=\"elementor-button elementor-button-link elementor-size-sm\" href=\"https:\/\/www.domusrental.com\/blog\/de\/category\/staedte-gardasee\/\">\n\t\t\t\t\t\t<span class=\"elementor-button-content-wrapper\">\n\t\t\t\t\t\t\t\t\t<span class=\"elementor-button-text\">Erfahren Sie mehr!<\/span>\n\t\t\t\t\t<\/span>\n\t\t\t\t\t<\/a>\n\t\t\t\t<\/div>\n\t\t\t\t\t\t\t\t<\/div>\n\t\t\t\t<\/div>\n\t\t\t\t<\/div>\n\t\t<div id=\"e-n-tab-content-1097345682\" role=\"tabpanel\" aria-labelledby=\"e-n-tab-title-1097345682\" data-tab-index=\"2\" style=\"--n-tabs-title-order: 2;\" class=\" elementor-element elementor-element-48e2e30 e-con-full e-flex e-con e-child\" data-id=\"48e2e30\" data-element_type=\"container\" data-e-type=\"container\">\n\t\t\t\t<div class=\"elementor-element elementor-element-20363a8 elementor-widget elementor-widget-heading\" data-id=\"20363a8\" data-element_type=\"widget\" data-e-type=\"widget\" data-widget_type=\"heading.default\">\n\t\t\t\t<div class=\"elementor-widget-container\">\n\t\t\t\t\t<h2 class=\"elementor-heading-title elementor-size-default\">Erlebnisse und Sehensw\u00fcrdigkeiten des Gardasees<\/h2>\t\t\t\t<\/div>\n\t\t\t\t<\/div>\n\t\t\t\t<div class=\"elementor-element elementor-element-109094f elementor-widget elementor-widget-text-editor\" data-id=\"109094f\" data-element_type=\"widget\" data-e-type=\"widget\" data-widget_type=\"text-editor.default\">\n\t\t\t\t<div class=\"elementor-widget-container\">\n\t\t\t\t\t\t\t\t\t<p>Erleben Sie einzigartige Emotionen zwischen Wassersport, landschaftlichen Ausfl\u00fcgen, mittelalterlichen Burgen und entspannenden Thermen.<\/p>\t\t\t\t\t\t\t\t<\/div>\n\t\t\t\t<\/div>\n\t\t\t\t<div class=\"elementor-element elementor-element-4f2364f elementor-grid-tablet-3 elementor-posts--align-left elementor-grid-4 elementor-grid-mobile-1 elementor-posts--thumbnail-top elementor-widget elementor-widget-posts\" data-id=\"4f2364f\" data-element_type=\"widget\" data-e-type=\"widget\" data-settings=\"{&quot;classic_row_gap&quot;:{&quot;unit&quot;:&quot;px&quot;,&quot;size&quot;:20,&quot;sizes&quot;:[]},&quot;classic_columns_tablet&quot;:&quot;3&quot;,&quot;classic_columns&quot;:&quot;4&quot;,&quot;classic_columns_mobile&quot;:&quot;1&quot;,&quot;classic_row_gap_tablet&quot;:{&quot;unit&quot;:&quot;px&quot;,&quot;size&quot;:&quot;&quot;,&quot;sizes&quot;:[]},&quot;classic_row_gap_mobile&quot;:{&quot;unit&quot;:&quot;px&quot;,&quot;size&quot;:&quot;&quot;,&quot;sizes&quot;:[]}}\" data-widget_type=\"posts.classic\">\n\t\t\t\t<div class=\"elementor-widget-container\">\n\t\t\t\t\t\t\t<div class=\"elementor-posts-container elementor-posts elementor-posts--skin-classic elementor-grid\" role=\"list\">\n\t\t\t\t<article class=\"elementor-post elementor-grid-item post-4467 post type-post status-publish format-standard has-post-thumbnail hentry category-erfahrungen-gardasee\" role=\"listitem\">\n\t\t\t\t<a class=\"elementor-post__thumbnail__link\" href=\"https:\/\/www.domusrental.com\/blog\/de\/vespa-verleih-gardasee\/\" tabindex=\"-1\" >\n\t\t\t<div class=\"elementor-post__thumbnail\"><img fetchpriority=\"high\" decoding=\"async\" width=\"768\" height=\"256\" src=\"https:\/\/www.domusrental.com\/blog\/wp-content\/uploads\/2025\/07\/vespa-in-garda-lake-768x256.jpg\" class=\"attachment-medium_large size-medium_large wp-image-4458\" alt=\"vespa-in-garda-lake.jpg\" srcset=\"https:\/\/www.domusrental.com\/blog\/wp-content\/uploads\/2025\/07\/vespa-in-garda-lake-768x256.jpg 768w, https:\/\/www.domusrental.com\/blog\/wp-content\/uploads\/2025\/07\/vespa-in-garda-lake-300x100.jpg 300w, https:\/\/www.domusrental.com\/blog\/wp-content\/uploads\/2025\/07\/vespa-in-garda-lake-1024x341.jpg 1024w, https:\/\/www.domusrental.com\/blog\/wp-content\/uploads\/2025\/07\/vespa-in-garda-lake-1536x512.jpg 1536w, https:\/\/www.domusrental.com\/blog\/wp-content\/uploads\/2025\/07\/vespa-in-garda-lake.jpg 1920w\" sizes=\"(max-width: 768px) 100vw, 768px\" \/><\/div>\n\t\t<\/a>\n\t\t\t\t<div class=\"elementor-post__text\">\n\t\t\t\t<h3 class=\"elementor-post__title\">\n\t\t\t<a href=\"https:\/\/www.domusrental.com\/blog\/de\/vespa-verleih-gardasee\/\" >\n\t\t\t\tErleben Sie ein malerisches Abenteuer mit dem Vespa-Verleih am Gardasee\t\t\t<\/a>\n\t\t<\/h3>\n\t\t\t\t<div class=\"elementor-post__meta-data\">\n\t\t\t\t\t<span class=\"elementor-post-date\">\n\t\t\t2. Juli 2025\t\t<\/span>\n\t\t\t\t<\/div>\n\t\t\t\t<\/div>\n\t\t\t\t<\/article>\n\t\t\t\t<article class=\"elementor-post elementor-grid-item post-4172 post type-post status-publish format-standard has-post-thumbnail hentry category-erfahrungen-gardasee category-gardasee\" role=\"listitem\">\n\t\t\t\t<a class=\"elementor-post__thumbnail__link\" href=\"https:\/\/www.domusrental.com\/blog\/de\/warum-die-terrazza-del-brivido-am-gardasee-auf-ihrer-bucket-liste-stehen-sollte\/\" tabindex=\"-1\" >\n\t\t\t<div class=\"elementor-post__thumbnail\"><img decoding=\"async\" width=\"768\" height=\"256\" src=\"https:\/\/www.domusrental.com\/blog\/wp-content\/uploads\/2025\/05\/Terrazza-del-Brivido-768x256.jpg\" class=\"attachment-medium_large size-medium_large wp-image-4073\" alt=\"Terrazza del Brivido\" srcset=\"https:\/\/www.domusrental.com\/blog\/wp-content\/uploads\/2025\/05\/Terrazza-del-Brivido-768x256.jpg 768w, https:\/\/www.domusrental.com\/blog\/wp-content\/uploads\/2025\/05\/Terrazza-del-Brivido-300x100.jpg 300w, https:\/\/www.domusrental.com\/blog\/wp-content\/uploads\/2025\/05\/Terrazza-del-Brivido-1024x341.jpg 1024w, https:\/\/www.domusrental.com\/blog\/wp-content\/uploads\/2025\/05\/Terrazza-del-Brivido-1536x512.jpg 1536w, https:\/\/www.domusrental.com\/blog\/wp-content\/uploads\/2025\/05\/Terrazza-del-Brivido.jpg 1920w\" sizes=\"(max-width: 768px) 100vw, 768px\" \/><\/div>\n\t\t<\/a>\n\t\t\t\t<div class=\"elementor-post__text\">\n\t\t\t\t<h3 class=\"elementor-post__title\">\n\t\t\t<a href=\"https:\/\/www.domusrental.com\/blog\/de\/warum-die-terrazza-del-brivido-am-gardasee-auf-ihrer-bucket-liste-stehen-sollte\/\" >\n\t\t\t\tWarum die Terrazza del Brivido am Gardasee auf Ihrer Bucket-Liste stehen sollte\t\t\t<\/a>\n\t\t<\/h3>\n\t\t\t\t<div class=\"elementor-post__meta-data\">\n\t\t\t\t\t<span class=\"elementor-post-date\">\n\t\t\t2. Mai 2025\t\t<\/span>\n\t\t\t\t<\/div>\n\t\t\t\t<\/div>\n\t\t\t\t<\/article>\n\t\t\t\t<article class=\"elementor-post elementor-grid-item post-4060 post type-post status-publish format-standard has-post-thumbnail hentry category-erfahrungen-gardasee category-gardasee\" role=\"listitem\">\n\t\t\t\t<a class=\"elementor-post__thumbnail__link\" href=\"https:\/\/www.domusrental.com\/blog\/de\/wandern-am-gardasee\/\" tabindex=\"-1\" >\n\t\t\t<div class=\"elementor-post__thumbnail\"><img decoding=\"async\" width=\"768\" height=\"256\" src=\"https:\/\/www.domusrental.com\/blog\/wp-content\/uploads\/2025\/04\/garda-lake-hikes-768x256.jpg\" class=\"attachment-medium_large size-medium_large wp-image-3762\" alt=\"\" srcset=\"https:\/\/www.domusrental.com\/blog\/wp-content\/uploads\/2025\/04\/garda-lake-hikes-768x256.jpg 768w, https:\/\/www.domusrental.com\/blog\/wp-content\/uploads\/2025\/04\/garda-lake-hikes-1536x512.jpg 1536w, https:\/\/www.domusrental.com\/blog\/wp-content\/uploads\/2025\/04\/garda-lake-hikes-2048x682.jpg 2048w\" sizes=\"(max-width: 768px) 100vw, 768px\" \/><\/div>\n\t\t<\/a>\n\t\t\t\t<div class=\"elementor-post__text\">\n\t\t\t\t<h3 class=\"elementor-post__title\">\n\t\t\t<a href=\"https:\/\/www.domusrental.com\/blog\/de\/wandern-am-gardasee\/\" >\n\t\t\t\tWandern am Gardasee: Top-Routen, familienfreundliche Wanderungen und Tipps\t\t\t<\/a>\n\t\t<\/h3>\n\t\t\t\t<div class=\"elementor-post__meta-data\">\n\t\t\t\t\t<span class=\"elementor-post-date\">\n\t\t\t9. April 2025\t\t<\/span>\n\t\t\t\t<\/div>\n\t\t\t\t<\/div>\n\t\t\t\t<\/article>\n\t\t\t\t<article class=\"elementor-post elementor-grid-item post-3330 post type-post status-publish format-standard has-post-thumbnail hentry category-erfahrungen-gardasee\" role=\"listitem\">\n\t\t\t\t<a class=\"elementor-post__thumbnail__link\" href=\"https:\/\/www.domusrental.com\/blog\/de\/bauernhof-am-gardasee\/\" tabindex=\"-1\" >\n\t\t\t<div class=\"elementor-post__thumbnail\"><img loading=\"lazy\" decoding=\"async\" width=\"768\" height=\"228\" src=\"https:\/\/www.domusrental.com\/blog\/wp-content\/uploads\/2025\/01\/agriturismo-garda-768x228.jpg\" class=\"attachment-medium_large size-medium_large wp-image-3319\" alt=\"agriturismo-garda\" srcset=\"https:\/\/www.domusrental.com\/blog\/wp-content\/uploads\/2025\/01\/agriturismo-garda-768x228.jpg 768w, https:\/\/www.domusrental.com\/blog\/wp-content\/uploads\/2025\/01\/agriturismo-garda-1536x455.jpg 1536w, https:\/\/www.domusrental.com\/blog\/wp-content\/uploads\/2025\/01\/agriturismo-garda.jpg 1920w\" sizes=\"(max-width: 768px) 100vw, 768px\" \/><\/div>\n\t\t<\/a>\n\t\t\t\t<div class=\"elementor-post__text\">\n\t\t\t\t<h3 class=\"elementor-post__title\">\n\t\t\t<a href=\"https:\/\/www.domusrental.com\/blog\/de\/bauernhof-am-gardasee\/\" >\n\t\t\t\tUrlaub auf dem Bauernhof am Gardasee: Ein Leitfaden f\u00fcr authentische Agriturismo-Erlebnisse\t\t\t<\/a>\n\t\t<\/h3>\n\t\t\t\t<div class=\"elementor-post__meta-data\">\n\t\t\t\t\t<span class=\"elementor-post-date\">\n\t\t\t27. Januar 2025\t\t<\/span>\n\t\t\t\t<\/div>\n\t\t\t\t<\/div>\n\t\t\t\t<\/article>\n\t\t\t\t<article class=\"elementor-post elementor-grid-item post-2560 post type-post status-publish format-standard has-post-thumbnail hentry category-erfahrungen-gardasee\" role=\"listitem\">\n\t\t\t\t<a class=\"elementor-post__thumbnail__link\" href=\"https:\/\/www.domusrental.com\/blog\/de\/bootstour-am-gardasee\/\" tabindex=\"-1\" >\n\t\t\t<div class=\"elementor-post__thumbnail\"><img loading=\"lazy\" decoding=\"async\" width=\"768\" height=\"256\" src=\"https:\/\/www.domusrental.com\/blog\/wp-content\/uploads\/2024\/08\/boat-lake-garda-trip-768x256.jpg\" class=\"attachment-medium_large size-medium_large wp-image-2554\" alt=\"boat lake garda trip\" srcset=\"https:\/\/www.domusrental.com\/blog\/wp-content\/uploads\/2024\/08\/boat-lake-garda-trip-768x256.jpg 768w, https:\/\/www.domusrental.com\/blog\/wp-content\/uploads\/2024\/08\/boat-lake-garda-trip-1536x512.jpg 1536w, https:\/\/www.domusrental.com\/blog\/wp-content\/uploads\/2024\/08\/boat-lake-garda-trip.jpg 1920w\" sizes=\"(max-width: 768px) 100vw, 768px\" \/><\/div>\n\t\t<\/a>\n\t\t\t\t<div class=\"elementor-post__text\">\n\t\t\t\t<h3 class=\"elementor-post__title\">\n\t\t\t<a href=\"https:\/\/www.domusrental.com\/blog\/de\/bootstour-am-gardasee\/\" >\n\t\t\t\tIhr Leitfaden f\u00fcr Bootsausfl\u00fcge und Bootsvermietungen am Gardasee\t\t\t<\/a>\n\t\t<\/h3>\n\t\t\t\t<div class=\"elementor-post__meta-data\">\n\t\t\t\t\t<span class=\"elementor-post-date\">\n\t\t\t20. August 2024\t\t<\/span>\n\t\t\t\t<\/div>\n\t\t\t\t<\/div>\n\t\t\t\t<\/article>\n\t\t\t\t<article class=\"elementor-post elementor-grid-item post-347 post type-post status-publish format-standard has-post-thumbnail hentry category-erfahrungen-gardasee\" role=\"listitem\">\n\t\t\t\t<a class=\"elementor-post__thumbnail__link\" href=\"https:\/\/www.domusrental.com\/blog\/de\/radweg-limone-sul-garda\/\" tabindex=\"-1\" >\n\t\t\t<div class=\"elementor-post__thumbnail\"><img loading=\"lazy\" decoding=\"async\" width=\"768\" height=\"511\" src=\"https:\/\/www.domusrental.com\/blog\/wp-content\/uploads\/2023\/06\/iStock-1352524979-768x511.jpg\" class=\"attachment-medium_large size-medium_large wp-image-191\" alt=\"Radweg Limone sul Garda\" srcset=\"https:\/\/www.domusrental.com\/blog\/wp-content\/uploads\/2023\/06\/iStock-1352524979-768x511.jpg 768w, https:\/\/www.domusrental.com\/blog\/wp-content\/uploads\/2023\/06\/iStock-1352524979.jpg 1255w\" sizes=\"(max-width: 768px) 100vw, 768px\" \/><\/div>\n\t\t<\/a>\n\t\t\t\t<div class=\"elementor-post__text\">\n\t\t\t\t<h3 class=\"elementor-post__title\">\n\t\t\t<a href=\"https:\/\/www.domusrental.com\/blog\/de\/radweg-limone-sul-garda\/\" >\n\t\t\t\tRadweg Limone sul Garda\t\t\t<\/a>\n\t\t<\/h3>\n\t\t\t\t<div class=\"elementor-post__meta-data\">\n\t\t\t\t\t<span class=\"elementor-post-date\">\n\t\t\t29. Juni 2023\t\t<\/span>\n\t\t\t\t<\/div>\n\t\t\t\t<\/div>\n\t\t\t\t<\/article>\n\t\t\t\t<\/div>\n\t\t\n\t\t\t\t\t\t<\/div>\n\t\t\t\t<\/div>\n\t\t<div class=\"elementor-element elementor-element-e68b30d e-flex e-con-boxed e-con e-child\" data-id=\"e68b30d\" data-element_type=\"container\" data-e-type=\"container\">\n\t\t\t\t\t<div class=\"e-con-inner\">\n\t\t\t\t<div class=\"elementor-element elementor-element-8173e24 elementor-mobile-align-center elementor-widget elementor-widget-button\" data-id=\"8173e24\" data-element_type=\"widget\" data-e-type=\"widget\" data-widget_type=\"button.default\">\n\t\t\t\t<div class=\"elementor-widget-container\">\n\t\t\t\t\t\t\t\t\t<div class=\"elementor-button-wrapper\">\n\t\t\t\t\t<a class=\"elementor-button elementor-button-link elementor-size-sm\" href=\"https:\/\/www.domusrental.com\/blog\/de\/category\/erfahrungen-gardasee\/\">\n\t\t\t\t\t\t<span class=\"elementor-button-content-wrapper\">\n\t\t\t\t\t\t\t\t\t<span class=\"elementor-button-text\">Erfahren Sie mehr!<\/span>\n\t\t\t\t\t<\/span>\n\t\t\t\t\t<\/a>\n\t\t\t\t<\/div>\n\t\t\t\t\t\t\t\t<\/div>\n\t\t\t\t<\/div>\n\t\t\t\t<div class=\"elementor-element elementor-element-fc91366 elementor-widget elementor-widget-button\" data-id=\"fc91366\" data-element_type=\"widget\" data-e-type=\"widget\" data-widget_type=\"button.default\">\n\t\t\t\t<div class=\"elementor-widget-container\">\n\t\t\t\t\t\t\t\t\t<div class=\"elementor-button-wrapper\">\n\t\t\t\t\t<a class=\"elementor-button elementor-button-link elementor-size-sm\" href=\"https:\/\/www.domusrental.com\/de\/aktivit%C3%A4ten-gardasee\/\">\n\t\t\t\t\t\t<span class=\"elementor-button-content-wrapper\">\n\t\t\t\t\t\t\t\t\t<span class=\"elementor-button-text\">Erfahrungen mit Domus Rental<\/span>\n\t\t\t\t\t<\/span>\n\t\t\t\t\t<\/a>\n\t\t\t\t<\/div>\n\t\t\t\t\t\t\t\t<\/div>\n\t\t\t\t<\/div>\n\t\t\t\t\t<\/div>\n\t\t\t\t<\/div>\n\t\t\t\t<\/div>\n\t\t<div id=\"e-n-tab-content-1097345683\" role=\"tabpanel\" aria-labelledby=\"e-n-tab-title-1097345683\" data-tab-index=\"3\" style=\"--n-tabs-title-order: 3;\" class=\" elementor-element elementor-element-efe4fe7 e-con-full e-flex e-con e-child\" data-id=\"efe4fe7\" data-element_type=\"container\" data-e-type=\"container\">\n\t\t\t\t<div class=\"elementor-element elementor-element-8b54b93 elementor-widget elementor-widget-heading\" data-id=\"8b54b93\" data-element_type=\"widget\" data-e-type=\"widget\" data-widget_type=\"heading.default\">\n\t\t\t\t<div class=\"elementor-widget-container\">\n\t\t\t\t\t<h2 class=\"elementor-heading-title elementor-size-default\">Gastronomie und Weine des Gardasees<\/h2>\t\t\t\t<\/div>\n\t\t\t\t<\/div>\n\t\t\t\t<div class=\"elementor-element elementor-element-7cad1a3 elementor-widget elementor-widget-text-editor\" data-id=\"7cad1a3\" data-element_type=\"widget\" data-e-type=\"widget\" data-widget_type=\"text-editor.default\">\n\t\t\t\t<div class=\"elementor-widget-container\">\n\t\t\t\t\t\t\t\t\t<p>W\u00e4hlen Sie die perfekte L\u00f6sung f\u00fcr Ihren Aufenthalt, entdecken Sie n\u00fctzliche Tipps, um bestm\u00f6glich zu buchen und einen Traumurlaub zu erleben!<\/p>\t\t\t\t\t\t\t\t<\/div>\n\t\t\t\t<\/div>\n\t\t\t\t<div class=\"elementor-element elementor-element-0964122 elementor-grid-tablet-3 elementor-posts--align-left elementor-grid-4 elementor-grid-mobile-1 elementor-posts--thumbnail-top elementor-widget elementor-widget-posts\" data-id=\"0964122\" data-element_type=\"widget\" data-e-type=\"widget\" data-settings=\"{&quot;classic_row_gap&quot;:{&quot;unit&quot;:&quot;px&quot;,&quot;size&quot;:20,&quot;sizes&quot;:[]},&quot;classic_columns_tablet&quot;:&quot;3&quot;,&quot;classic_columns&quot;:&quot;4&quot;,&quot;classic_columns_mobile&quot;:&quot;1&quot;,&quot;classic_row_gap_tablet&quot;:{&quot;unit&quot;:&quot;px&quot;,&quot;size&quot;:&quot;&quot;,&quot;sizes&quot;:[]},&quot;classic_row_gap_mobile&quot;:{&quot;unit&quot;:&quot;px&quot;,&quot;size&quot;:&quot;&quot;,&quot;sizes&quot;:[]}}\" data-widget_type=\"posts.classic\">\n\t\t\t\t<div class=\"elementor-widget-container\">\n\t\t\t\t\t\t\t<div class=\"elementor-posts-container elementor-posts elementor-posts--skin-classic elementor-grid\" role=\"list\">\n\t\t\t\t<article class=\"elementor-post elementor-grid-item post-2608 post type-post status-publish format-standard has-post-thumbnail hentry category-gastronomie-gardasee\" role=\"listitem\">\n\t\t\t\t<a class=\"elementor-post__thumbnail__link\" href=\"https:\/\/www.domusrental.com\/blog\/de\/weinregion-valpolicella\/\" tabindex=\"-1\" >\n\t\t\t<div class=\"elementor-post__thumbnail\"><img loading=\"lazy\" decoding=\"async\" width=\"768\" height=\"256\" src=\"https:\/\/www.domusrental.com\/blog\/wp-content\/uploads\/2024\/09\/Valpolicella-wine-768x256.jpg\" class=\"attachment-medium_large size-medium_large wp-image-2602\" alt=\"Valpolicella wine\" srcset=\"https:\/\/www.domusrental.com\/blog\/wp-content\/uploads\/2024\/09\/Valpolicella-wine-768x256.jpg 768w, https:\/\/www.domusrental.com\/blog\/wp-content\/uploads\/2024\/09\/Valpolicella-wine-1536x511.jpg 1536w, https:\/\/www.domusrental.com\/blog\/wp-content\/uploads\/2024\/09\/Valpolicella-wine.jpg 1920w\" sizes=\"(max-width: 768px) 100vw, 768px\" \/><\/div>\n\t\t<\/a>\n\t\t\t\t<div class=\"elementor-post__text\">\n\t\t\t\t<h3 class=\"elementor-post__title\">\n\t\t\t<a href=\"https:\/\/www.domusrental.com\/blog\/de\/weinregion-valpolicella\/\" >\n\t\t\t\tValpolicella-Wein: Wo Tradition und Wein in der N\u00e4he des Gardasees aufeinandertreffen\t\t\t<\/a>\n\t\t<\/h3>\n\t\t\t\t<div class=\"elementor-post__meta-data\">\n\t\t\t\t\t<span class=\"elementor-post-date\">\n\t\t\t3. September 2024\t\t<\/span>\n\t\t\t\t<\/div>\n\t\t\t\t<\/div>\n\t\t\t\t<\/article>\n\t\t\t\t<article class=\"elementor-post elementor-grid-item post-2248 post type-post status-publish format-standard has-post-thumbnail hentry category-gastronomie-gardasee\" role=\"listitem\">\n\t\t\t\t<a class=\"elementor-post__thumbnail__link\" href=\"https:\/\/www.domusrental.com\/blog\/de\/restaurants-gardasee\/\" tabindex=\"-1\" >\n\t\t\t<div class=\"elementor-post__thumbnail\"><img loading=\"lazy\" decoding=\"async\" width=\"768\" height=\"285\" src=\"https:\/\/www.domusrental.com\/blog\/wp-content\/uploads\/2024\/05\/Restaurants-lake-garda-768x285.jpg\" class=\"attachment-medium_large size-medium_large wp-image-2209\" alt=\"Restaurants-lake-garda\" srcset=\"https:\/\/www.domusrental.com\/blog\/wp-content\/uploads\/2024\/05\/Restaurants-lake-garda-768x285.jpg 768w, https:\/\/www.domusrental.com\/blog\/wp-content\/uploads\/2024\/05\/Restaurants-lake-garda-1536x570.jpg 1536w, https:\/\/www.domusrental.com\/blog\/wp-content\/uploads\/2024\/05\/Restaurants-lake-garda.jpg 1920w\" sizes=\"(max-width: 768px) 100vw, 768px\" \/><\/div>\n\t\t<\/a>\n\t\t\t\t<div class=\"elementor-post__text\">\n\t\t\t\t<h3 class=\"elementor-post__title\">\n\t\t\t<a href=\"https:\/\/www.domusrental.com\/blog\/de\/restaurants-gardasee\/\" >\n\t\t\t\tG\u00f6ttlich speisen: Die exquisitesten Restaurants am Gardasee\t\t\t<\/a>\n\t\t<\/h3>\n\t\t\t\t<div class=\"elementor-post__meta-data\">\n\t\t\t\t\t<span class=\"elementor-post-date\">\n\t\t\t9. Mai 2024\t\t<\/span>\n\t\t\t\t<\/div>\n\t\t\t\t<\/div>\n\t\t\t\t<\/article>\n\t\t\t\t<article class=\"elementor-post elementor-grid-item post-642 post type-post status-publish format-standard has-post-thumbnail hentry category-gastronomie-gardasee\" role=\"listitem\">\n\t\t\t\t<a class=\"elementor-post__thumbnail__link\" href=\"https:\/\/www.domusrental.com\/blog\/de\/der-maerkte-von-torri-del-benaco\/\" tabindex=\"-1\" >\n\t\t\t<div class=\"elementor-post__thumbnail\"><img loading=\"lazy\" decoding=\"async\" width=\"768\" height=\"200\" src=\"https:\/\/www.domusrental.com\/blog\/wp-content\/uploads\/2023\/10\/markets-in-lago-de-garda-768x200.jpg\" class=\"attachment-medium_large size-medium_large wp-image-634\" alt=\"markets-in-lago-de-garda\" srcset=\"https:\/\/www.domusrental.com\/blog\/wp-content\/uploads\/2023\/10\/markets-in-lago-de-garda-768x200.jpg 768w, https:\/\/www.domusrental.com\/blog\/wp-content\/uploads\/2023\/10\/markets-in-lago-de-garda-1536x400.jpg 1536w, https:\/\/www.domusrental.com\/blog\/wp-content\/uploads\/2023\/10\/markets-in-lago-de-garda.jpg 1920w\" sizes=\"(max-width: 768px) 100vw, 768px\" \/><\/div>\n\t\t<\/a>\n\t\t\t\t<div class=\"elementor-post__text\">\n\t\t\t\t<h3 class=\"elementor-post__title\">\n\t\t\t<a href=\"https:\/\/www.domusrental.com\/blog\/de\/der-maerkte-von-torri-del-benaco\/\" >\n\t\t\t\tLassen Sie sich vom Charme der M\u00e4rkte von Torri del Benaco verzaubern\t\t\t<\/a>\n\t\t<\/h3>\n\t\t\t\t<div class=\"elementor-post__meta-data\">\n\t\t\t\t\t<span class=\"elementor-post-date\">\n\t\t\t10. Oktober 2023\t\t<\/span>\n\t\t\t\t<\/div>\n\t\t\t\t<\/div>\n\t\t\t\t<\/article>\n\t\t\t\t<article class=\"elementor-post elementor-grid-item post-558 post type-post status-publish format-standard has-post-thumbnail hentry category-gastronomie-gardasee\" role=\"listitem\">\n\t\t\t\t<a class=\"elementor-post__thumbnail__link\" href=\"https:\/\/www.domusrental.com\/blog\/de\/restaurant-torri-benaco\/\" tabindex=\"-1\" >\n\t\t\t<div class=\"elementor-post__thumbnail\"><img loading=\"lazy\" decoding=\"async\" width=\"768\" height=\"300\" src=\"https:\/\/www.domusrental.com\/blog\/wp-content\/uploads\/2023\/08\/Restaurants-Torri-benaco-garda-lake-768x300.jpg\" class=\"attachment-medium_large size-medium_large wp-image-489\" alt=\"Restaurants Torri benaco garda lake\" srcset=\"https:\/\/www.domusrental.com\/blog\/wp-content\/uploads\/2023\/08\/Restaurants-Torri-benaco-garda-lake-768x300.jpg 768w, https:\/\/www.domusrental.com\/blog\/wp-content\/uploads\/2023\/08\/Restaurants-Torri-benaco-garda-lake-1536x600.jpg 1536w, https:\/\/www.domusrental.com\/blog\/wp-content\/uploads\/2023\/08\/Restaurants-Torri-benaco-garda-lake.jpg 1920w\" sizes=\"(max-width: 768px) 100vw, 768px\" \/><\/div>\n\t\t<\/a>\n\t\t\t\t<div class=\"elementor-post__text\">\n\t\t\t\t<h3 class=\"elementor-post__title\">\n\t\t\t<a href=\"https:\/\/www.domusrental.com\/blog\/de\/restaurant-torri-benaco\/\" >\n\t\t\t\tDie besten Restaurants in Torri del Benaco\t\t\t<\/a>\n\t\t<\/h3>\n\t\t\t\t<div class=\"elementor-post__meta-data\">\n\t\t\t\t\t<span class=\"elementor-post-date\">\n\t\t\t7. August 2023\t\t<\/span>\n\t\t\t\t<\/div>\n\t\t\t\t<\/div>\n\t\t\t\t<\/article>\n\t\t\t\t<\/div>\n\t\t\n\t\t\t\t\t\t<\/div>\n\t\t\t\t<\/div>\n\t\t\t\t<div class=\"elementor-element elementor-element-b992de9 elementor-mobile-align-center elementor-align-center elementor-widget elementor-widget-button\" data-id=\"b992de9\" data-element_type=\"widget\" data-e-type=\"widget\" data-widget_type=\"button.default\">\n\t\t\t\t<div class=\"elementor-widget-container\">\n\t\t\t\t\t\t\t\t\t<div class=\"elementor-button-wrapper\">\n\t\t\t\t\t<a class=\"elementor-button elementor-button-link elementor-size-sm\" href=\"https:\/\/www.domusrental.com\/blog\/de\/category\/gastronomie-gardasee\/\">\n\t\t\t\t\t\t<span class=\"elementor-button-content-wrapper\">\n\t\t\t\t\t\t\t\t\t<span class=\"elementor-button-text\">Erfahren Sie mehr!<\/span>\n\t\t\t\t\t<\/span>\n\t\t\t\t\t<\/a>\n\t\t\t\t<\/div>\n\t\t\t\t\t\t\t\t<\/div>\n\t\t\t\t<\/div>\n\t\t\t\t<\/div>\n\t\t<div id=\"e-n-tab-content-1097345684\" role=\"tabpanel\" aria-labelledby=\"e-n-tab-title-1097345684\" data-tab-index=\"4\" style=\"--n-tabs-title-order: 4;\" class=\" elementor-element elementor-element-7f823ff e-con-full e-flex e-con e-child\" data-id=\"7f823ff\" data-element_type=\"container\" data-e-type=\"container\">\n\t\t\t\t<div class=\"elementor-element elementor-element-37af71c elementor-widget elementor-widget-heading\" data-id=\"37af71c\" data-element_type=\"widget\" data-e-type=\"widget\" data-widget_type=\"heading.default\">\n\t\t\t\t<div class=\"elementor-widget-container\">\n\t\t\t\t\t<h2 class=\"elementor-heading-title elementor-size-default\">Verpassen Sie nicht die besten Veranstaltungen am Gardasee!<\/h2>\t\t\t\t<\/div>\n\t\t\t\t<\/div>\n\t\t\t\t<div class=\"elementor-element elementor-element-0c2ee08 elementor-widget elementor-widget-text-editor\" data-id=\"0c2ee08\" data-element_type=\"widget\" data-e-type=\"widget\" data-widget_type=\"text-editor.default\">\n\t\t\t\t<div class=\"elementor-widget-container\">\n\t\t\t\t\t\t\t\t\t<p>Traditionelle Feste, Wein- und Gastronomiefestivals, Konzerte und sportliche Veranstaltungen beleben den See das ganze Jahr \u00fcber.<\/p>\t\t\t\t\t\t\t\t<\/div>\n\t\t\t\t<\/div>\n\t\t\t\t<div class=\"elementor-element elementor-element-4768d6a elementor-align-center elementor-widget elementor-widget-button\" data-id=\"4768d6a\" data-element_type=\"widget\" data-e-type=\"widget\" data-widget_type=\"button.default\">\n\t\t\t\t<div class=\"elementor-widget-container\">\n\t\t\t\t\t\t\t\t\t<div class=\"elementor-button-wrapper\">\n\t\t\t\t\t<a class=\"elementor-button elementor-button-link elementor-size-sm\" href=\"https:\/\/www.domusrental.com\/blog\/de\/category\/veranstaltungen-gardasee\/\">\n\t\t\t\t\t\t<span class=\"elementor-button-content-wrapper\">\n\t\t\t\t\t\t\t\t\t<span class=\"elementor-button-text\">Erfahren Sie mehr!<\/span>\n\t\t\t\t\t<\/span>\n\t\t\t\t\t<\/a>\n\t\t\t\t<\/div>\n\t\t\t\t\t\t\t\t<\/div>\n\t\t\t\t<\/div>\n\t\t\t\t<\/div>\n\t\t<div id=\"e-n-tab-content-1097345685\" role=\"tabpanel\" aria-labelledby=\"e-n-tab-title-1097345685\" data-tab-index=\"5\" style=\"--n-tabs-title-order: 5;\" class=\" elementor-element elementor-element-562dadb e-con-full e-flex e-con e-child\" data-id=\"562dadb\" data-element_type=\"container\" data-e-type=\"container\">\n\t\t\t\t<div class=\"elementor-element elementor-element-a7bfb2c elementor-widget elementor-widget-heading\" data-id=\"a7bfb2c\" data-element_type=\"widget\" data-e-type=\"widget\" data-widget_type=\"heading.default\">\n\t\t\t\t<div class=\"elementor-widget-container\">\n\t\t\t\t\t<h2 class=\"elementor-heading-title elementor-size-default\">Alles, was Sie \u00fcber den Gardasee wissen m\u00fcssen<\/h2>\t\t\t\t<\/div>\n\t\t\t\t<\/div>\n\t\t\t\t<div class=\"elementor-element elementor-element-c291b49 elementor-widget elementor-widget-text-editor\" data-id=\"c291b49\" data-element_type=\"widget\" data-e-type=\"widget\" data-widget_type=\"text-editor.default\">\n\t\t\t\t<div class=\"elementor-widget-container\">\n\t\t\t\t\t\t\t\t\t<p>Was ist, wenn wir etwas vergessen? Hier finden Sie alle allgemeinen Informationen zum Gardasee und alles, was dieses Reiseziel einzigartig macht!<\/p>\t\t\t\t\t\t\t\t<\/div>\n\t\t\t\t<\/div>\n\t\t\t\t<div class=\"elementor-element elementor-element-97e2cd3 elementor-grid-tablet-3 elementor-posts--align-left elementor-grid-4 elementor-grid-mobile-1 elementor-posts--thumbnail-top elementor-widget elementor-widget-posts\" data-id=\"97e2cd3\" data-element_type=\"widget\" data-e-type=\"widget\" data-settings=\"{&quot;classic_row_gap&quot;:{&quot;unit&quot;:&quot;px&quot;,&quot;size&quot;:20,&quot;sizes&quot;:[]},&quot;classic_columns_tablet&quot;:&quot;3&quot;,&quot;classic_columns&quot;:&quot;4&quot;,&quot;classic_columns_mobile&quot;:&quot;1&quot;,&quot;classic_row_gap_tablet&quot;:{&quot;unit&quot;:&quot;px&quot;,&quot;size&quot;:&quot;&quot;,&quot;sizes&quot;:[]},&quot;classic_row_gap_mobile&quot;:{&quot;unit&quot;:&quot;px&quot;,&quot;size&quot;:&quot;&quot;,&quot;sizes&quot;:[]}}\" data-widget_type=\"posts.classic\">\n\t\t\t\t<div class=\"elementor-widget-container\">\n\t\t\t\t\t\t\t<div class=\"elementor-posts-container elementor-posts elementor-posts--skin-classic elementor-grid\" role=\"list\">\n\t\t\t\t<article class=\"elementor-post elementor-grid-item post-5557 post type-post status-publish format-standard has-post-thumbnail hentry category-gardasee category-vermietung-gardasee\" role=\"listitem\">\n\t\t\t\t<a class=\"elementor-post__thumbnail__link\" href=\"https:\/\/www.domusrental.com\/blog\/de\/fruehling-gardasee\/\" tabindex=\"-1\" >\n\t\t\t<div class=\"elementor-post__thumbnail\"><img loading=\"lazy\" decoding=\"async\" width=\"768\" height=\"280\" src=\"https:\/\/www.domusrental.com\/blog\/wp-content\/uploads\/2026\/04\/iStock-157731126-768x280.webp\" class=\"attachment-medium_large size-medium_large wp-image-5551\" alt=\"\" srcset=\"https:\/\/www.domusrental.com\/blog\/wp-content\/uploads\/2026\/04\/iStock-157731126-768x280.webp 768w, https:\/\/www.domusrental.com\/blog\/wp-content\/uploads\/2026\/04\/iStock-157731126-300x109.webp 300w, https:\/\/www.domusrental.com\/blog\/wp-content\/uploads\/2026\/04\/iStock-157731126-1024x373.webp 1024w, https:\/\/www.domusrental.com\/blog\/wp-content\/uploads\/2026\/04\/iStock-157731126-1536x560.webp 1536w, https:\/\/www.domusrental.com\/blog\/wp-content\/uploads\/2026\/04\/iStock-157731126.webp 1920w\" sizes=\"(max-width: 768px) 100vw, 768px\" \/><\/div>\n\t\t<\/a>\n\t\t\t\t<div class=\"elementor-post__text\">\n\t\t\t\t<h3 class=\"elementor-post__title\">\n\t\t\t<a href=\"https:\/\/www.domusrental.com\/blog\/de\/fruehling-gardasee\/\" >\n\t\t\t\tGardasee im Fr\u00fchling \u2013 Ferienwohnungen zur Miete\t\t\t<\/a>\n\t\t<\/h3>\n\t\t\t\t<div class=\"elementor-post__meta-data\">\n\t\t\t\t\t<span class=\"elementor-post-date\">\n\t\t\t23. April 2026\t\t<\/span>\n\t\t\t\t<\/div>\n\t\t\t\t<\/div>\n\t\t\t\t<\/article>\n\t\t\t\t<article class=\"elementor-post elementor-grid-item post-4889 post type-post status-publish format-standard has-post-thumbnail hentry category-gardasee category-veranstaltungen-gardasee\" role=\"listitem\">\n\t\t\t\t<a class=\"elementor-post__thumbnail__link\" href=\"https:\/\/www.domusrental.com\/blog\/de\/gardasee-silvester\/\" tabindex=\"-1\" >\n\t\t\t<div class=\"elementor-post__thumbnail\"><img loading=\"lazy\" decoding=\"async\" width=\"768\" height=\"360\" src=\"https:\/\/www.domusrental.com\/blog\/wp-content\/uploads\/2025\/10\/iStock-2166438298-768x360.webp\" class=\"attachment-medium_large size-medium_large wp-image-4863\" alt=\"capodanno nel lago di garda\" srcset=\"https:\/\/www.domusrental.com\/blog\/wp-content\/uploads\/2025\/10\/iStock-2166438298-768x360.webp 768w, https:\/\/www.domusrental.com\/blog\/wp-content\/uploads\/2025\/10\/iStock-2166438298-300x141.webp 300w, https:\/\/www.domusrental.com\/blog\/wp-content\/uploads\/2025\/10\/iStock-2166438298-1024x480.webp 1024w, https:\/\/www.domusrental.com\/blog\/wp-content\/uploads\/2025\/10\/iStock-2166438298-1536x720.webp 1536w, https:\/\/www.domusrental.com\/blog\/wp-content\/uploads\/2025\/10\/iStock-2166438298.webp 1920w\" sizes=\"(max-width: 768px) 100vw, 768px\" \/><\/div>\n\t\t<\/a>\n\t\t\t\t<div class=\"elementor-post__text\">\n\t\t\t\t<h3 class=\"elementor-post__title\">\n\t\t\t<a href=\"https:\/\/www.domusrental.com\/blog\/de\/gardasee-silvester\/\" >\n\t\t\t\tSilvester am Gardasee\t\t\t<\/a>\n\t\t<\/h3>\n\t\t\t\t<div class=\"elementor-post__meta-data\">\n\t\t\t\t\t<span class=\"elementor-post-date\">\n\t\t\t10. Oktober 2025\t\t<\/span>\n\t\t\t\t<\/div>\n\t\t\t\t<\/div>\n\t\t\t\t<\/article>\n\t\t\t\t<article class=\"elementor-post elementor-grid-item post-4803 post type-post status-publish format-standard has-post-thumbnail hentry category-gardasee\" role=\"listitem\">\n\t\t\t\t<a class=\"elementor-post__thumbnail__link\" href=\"https:\/\/www.domusrental.com\/blog\/de\/rocca-di-manerba\/\" tabindex=\"-1\" >\n\t\t\t<div class=\"elementor-post__thumbnail\"><img loading=\"lazy\" decoding=\"async\" width=\"768\" height=\"256\" src=\"https:\/\/www.domusrental.com\/blog\/wp-content\/uploads\/2025\/09\/Garda-Lake-Rocca-di-Manerba-768x256.jpg\" class=\"attachment-medium_large size-medium_large wp-image-4726\" alt=\"Garda-Lake-Rocca-di-Manerba.jpg\" srcset=\"https:\/\/www.domusrental.com\/blog\/wp-content\/uploads\/2025\/09\/Garda-Lake-Rocca-di-Manerba-768x256.jpg 768w, https:\/\/www.domusrental.com\/blog\/wp-content\/uploads\/2025\/09\/Garda-Lake-Rocca-di-Manerba-300x100.jpg 300w, https:\/\/www.domusrental.com\/blog\/wp-content\/uploads\/2025\/09\/Garda-Lake-Rocca-di-Manerba-1024x341.jpg 1024w, https:\/\/www.domusrental.com\/blog\/wp-content\/uploads\/2025\/09\/Garda-Lake-Rocca-di-Manerba-1536x512.jpg 1536w, https:\/\/www.domusrental.com\/blog\/wp-content\/uploads\/2025\/09\/Garda-Lake-Rocca-di-Manerba.jpg 1920w\" sizes=\"(max-width: 768px) 100vw, 768px\" \/><\/div>\n\t\t<\/a>\n\t\t\t\t<div class=\"elementor-post__text\">\n\t\t\t\t<h3 class=\"elementor-post__title\">\n\t\t\t<a href=\"https:\/\/www.domusrental.com\/blog\/de\/rocca-di-manerba\/\" >\n\t\t\t\tRocca di Manerba: Die aussichtsreiche Landzunge des Gardasees\t\t\t<\/a>\n\t\t<\/h3>\n\t\t\t\t<div class=\"elementor-post__meta-data\">\n\t\t\t\t\t<span class=\"elementor-post-date\">\n\t\t\t10. September 2025\t\t<\/span>\n\t\t\t\t<\/div>\n\t\t\t\t<\/div>\n\t\t\t\t<\/article>\n\t\t\t\t<article class=\"elementor-post elementor-grid-item post-4172 post type-post status-publish format-standard has-post-thumbnail hentry category-erfahrungen-gardasee category-gardasee\" role=\"listitem\">\n\t\t\t\t<a class=\"elementor-post__thumbnail__link\" href=\"https:\/\/www.domusrental.com\/blog\/de\/warum-die-terrazza-del-brivido-am-gardasee-auf-ihrer-bucket-liste-stehen-sollte\/\" tabindex=\"-1\" >\n\t\t\t<div class=\"elementor-post__thumbnail\"><img decoding=\"async\" width=\"768\" height=\"256\" src=\"https:\/\/www.domusrental.com\/blog\/wp-content\/uploads\/2025\/05\/Terrazza-del-Brivido-768x256.jpg\" class=\"attachment-medium_large size-medium_large wp-image-4073\" alt=\"Terrazza del Brivido\" srcset=\"https:\/\/www.domusrental.com\/blog\/wp-content\/uploads\/2025\/05\/Terrazza-del-Brivido-768x256.jpg 768w, https:\/\/www.domusrental.com\/blog\/wp-content\/uploads\/2025\/05\/Terrazza-del-Brivido-300x100.jpg 300w, https:\/\/www.domusrental.com\/blog\/wp-content\/uploads\/2025\/05\/Terrazza-del-Brivido-1024x341.jpg 1024w, https:\/\/www.domusrental.com\/blog\/wp-content\/uploads\/2025\/05\/Terrazza-del-Brivido-1536x512.jpg 1536w, https:\/\/www.domusrental.com\/blog\/wp-content\/uploads\/2025\/05\/Terrazza-del-Brivido.jpg 1920w\" sizes=\"(max-width: 768px) 100vw, 768px\" \/><\/div>\n\t\t<\/a>\n\t\t\t\t<div class=\"elementor-post__text\">\n\t\t\t\t<h3 class=\"elementor-post__title\">\n\t\t\t<a href=\"https:\/\/www.domusrental.com\/blog\/de\/warum-die-terrazza-del-brivido-am-gardasee-auf-ihrer-bucket-liste-stehen-sollte\/\" >\n\t\t\t\tWarum die Terrazza del Brivido am Gardasee auf Ihrer Bucket-Liste stehen sollte\t\t\t<\/a>\n\t\t<\/h3>\n\t\t\t\t<div class=\"elementor-post__meta-data\">\n\t\t\t\t\t<span class=\"elementor-post-date\">\n\t\t\t2. Mai 2025\t\t<\/span>\n\t\t\t\t<\/div>\n\t\t\t\t<\/div>\n\t\t\t\t<\/article>\n\t\t\t\t<article class=\"elementor-post elementor-grid-item post-4060 post type-post status-publish format-standard has-post-thumbnail hentry category-erfahrungen-gardasee category-gardasee\" role=\"listitem\">\n\t\t\t\t<a class=\"elementor-post__thumbnail__link\" href=\"https:\/\/www.domusrental.com\/blog\/de\/wandern-am-gardasee\/\" tabindex=\"-1\" >\n\t\t\t<div class=\"elementor-post__thumbnail\"><img decoding=\"async\" width=\"768\" height=\"256\" src=\"https:\/\/www.domusrental.com\/blog\/wp-content\/uploads\/2025\/04\/garda-lake-hikes-768x256.jpg\" class=\"attachment-medium_large size-medium_large wp-image-3762\" alt=\"\" srcset=\"https:\/\/www.domusrental.com\/blog\/wp-content\/uploads\/2025\/04\/garda-lake-hikes-768x256.jpg 768w, https:\/\/www.domusrental.com\/blog\/wp-content\/uploads\/2025\/04\/garda-lake-hikes-1536x512.jpg 1536w, https:\/\/www.domusrental.com\/blog\/wp-content\/uploads\/2025\/04\/garda-lake-hikes-2048x682.jpg 2048w\" sizes=\"(max-width: 768px) 100vw, 768px\" \/><\/div>\n\t\t<\/a>\n\t\t\t\t<div class=\"elementor-post__text\">\n\t\t\t\t<h3 class=\"elementor-post__title\">\n\t\t\t<a href=\"https:\/\/www.domusrental.com\/blog\/de\/wandern-am-gardasee\/\" >\n\t\t\t\tWandern am Gardasee: Top-Routen, familienfreundliche Wanderungen und Tipps\t\t\t<\/a>\n\t\t<\/h3>\n\t\t\t\t<div class=\"elementor-post__meta-data\">\n\t\t\t\t\t<span class=\"elementor-post-date\">\n\t\t\t9. April 2025\t\t<\/span>\n\t\t\t\t<\/div>\n\t\t\t\t<\/div>\n\t\t\t\t<\/article>\n\t\t\t\t<article class=\"elementor-post elementor-grid-item post-3561 post type-post status-publish format-standard has-post-thumbnail hentry category-gardasee\" role=\"listitem\">\n\t\t\t\t<a class=\"elementor-post__thumbnail__link\" href=\"https:\/\/www.domusrental.com\/blog\/de\/sehenswurdigkeiten-am-gardasee\/\" tabindex=\"-1\" >\n\t\t\t<div class=\"elementor-post__thumbnail\"><img loading=\"lazy\" decoding=\"async\" width=\"768\" height=\"256\" src=\"https:\/\/www.domusrental.com\/blog\/wp-content\/uploads\/2025\/02\/Sights-lake-Garda-768x256.jpg\" class=\"attachment-medium_large size-medium_large wp-image-3539\" alt=\"Sights lake Garda\" srcset=\"https:\/\/www.domusrental.com\/blog\/wp-content\/uploads\/2025\/02\/Sights-lake-Garda-768x256.jpg 768w, https:\/\/www.domusrental.com\/blog\/wp-content\/uploads\/2025\/02\/Sights-lake-Garda-1536x512.jpg 1536w, https:\/\/www.domusrental.com\/blog\/wp-content\/uploads\/2025\/02\/Sights-lake-Garda.jpg 1920w\" sizes=\"(max-width: 768px) 100vw, 768px\" \/><\/div>\n\t\t<\/a>\n\t\t\t\t<div class=\"elementor-post__text\">\n\t\t\t\t<h3 class=\"elementor-post__title\">\n\t\t\t<a href=\"https:\/\/www.domusrental.com\/blog\/de\/sehenswurdigkeiten-am-gardasee\/\" >\n\t\t\t\tErkundung der Top-Sehensw\u00fcrdigkeiten am Gardasee\t\t\t<\/a>\n\t\t<\/h3>\n\t\t\t\t<div class=\"elementor-post__meta-data\">\n\t\t\t\t\t<span class=\"elementor-post-date\">\n\t\t\t18. Februar 2025\t\t<\/span>\n\t\t\t\t<\/div>\n\t\t\t\t<\/div>\n\t\t\t\t<\/article>\n\t\t\t\t<article class=\"elementor-post elementor-grid-item post-3109 post type-post status-publish format-standard has-post-thumbnail hentry category-gardasee\" role=\"listitem\">\n\t\t\t\t<a class=\"elementor-post__thumbnail__link\" href=\"https:\/\/www.domusrental.com\/blog\/de\/gardasee-winter\/\" tabindex=\"-1\" >\n\t\t\t<div class=\"elementor-post__thumbnail\"><img loading=\"lazy\" decoding=\"async\" width=\"768\" height=\"510\" src=\"https:\/\/www.domusrental.com\/blog\/wp-content\/uploads\/2024\/12\/lago-di-garda-in-inverno-768x510.jpg\" class=\"attachment-medium_large size-medium_large wp-image-3055\" alt=\"lago di garda in inverno\" srcset=\"https:\/\/www.domusrental.com\/blog\/wp-content\/uploads\/2024\/12\/lago-di-garda-in-inverno-768x510.jpg 768w, https:\/\/www.domusrental.com\/blog\/wp-content\/uploads\/2024\/12\/lago-di-garda-in-inverno.jpg 1257w\" sizes=\"(max-width: 768px) 100vw, 768px\" \/><\/div>\n\t\t<\/a>\n\t\t\t\t<div class=\"elementor-post__text\">\n\t\t\t\t<h3 class=\"elementor-post__title\">\n\t\t\t<a href=\"https:\/\/www.domusrental.com\/blog\/de\/gardasee-winter\/\" >\n\t\t\t\tGardasee im winter erfahrungen\t\t\t<\/a>\n\t\t<\/h3>\n\t\t\t\t<div class=\"elementor-post__meta-data\">\n\t\t\t\t\t<span class=\"elementor-post-date\">\n\t\t\t18. Dezember 2024\t\t<\/span>\n\t\t\t\t<\/div>\n\t\t\t\t<\/div>\n\t\t\t\t<\/article>\n\t\t\t\t<article class=\"elementor-post elementor-grid-item post-2312 post type-post status-publish format-standard has-post-thumbnail hentry category-gardasee\" role=\"listitem\">\n\t\t\t\t<a class=\"elementor-post__thumbnail__link\" href=\"https:\/\/www.domusrental.com\/blog\/de\/strand-gardasee\/\" tabindex=\"-1\" >\n\t\t\t<div class=\"elementor-post__thumbnail\"><img loading=\"lazy\" decoding=\"async\" width=\"768\" height=\"250\" src=\"https:\/\/www.domusrental.com\/blog\/wp-content\/uploads\/2024\/06\/lake-garda-beaches-768x250.jpg\" class=\"attachment-medium_large size-medium_large wp-image-2308\" alt=\"\" srcset=\"https:\/\/www.domusrental.com\/blog\/wp-content\/uploads\/2024\/06\/lake-garda-beaches-768x250.jpg 768w, https:\/\/www.domusrental.com\/blog\/wp-content\/uploads\/2024\/06\/lake-garda-beaches-1536x500.jpg 1536w, https:\/\/www.domusrental.com\/blog\/wp-content\/uploads\/2024\/06\/lake-garda-beaches.jpg 1920w\" sizes=\"(max-width: 768px) 100vw, 768px\" \/><\/div>\n\t\t<\/a>\n\t\t\t\t<div class=\"elementor-post__text\">\n\t\t\t\t<h3 class=\"elementor-post__title\">\n\t\t\t<a href=\"https:\/\/www.domusrental.com\/blog\/de\/strand-gardasee\/\" >\n\t\t\t\tSo finden Sie Ihren perfekten Strand am Gardasee\t\t\t<\/a>\n\t\t<\/h3>\n\t\t\t\t<div class=\"elementor-post__meta-data\">\n\t\t\t\t\t<span class=\"elementor-post-date\">\n\t\t\t6. Juni 2024\t\t<\/span>\n\t\t\t\t<\/div>\n\t\t\t\t<\/div>\n\t\t\t\t<\/article>\n\t\t\t\t<\/div>\n\t\t\n\t\t\t\t\t\t<\/div>\n\t\t\t\t<\/div>\n\t\t\t\t<div class=\"elementor-element elementor-element-d2a374b elementor-align-center elementor-widget elementor-widget-button\" data-id=\"d2a374b\" data-element_type=\"widget\" data-e-type=\"widget\" data-widget_type=\"button.default\">\n\t\t\t\t<div class=\"elementor-widget-container\">\n\t\t\t\t\t\t\t\t\t<div class=\"elementor-button-wrapper\">\n\t\t\t\t\t<a class=\"elementor-button elementor-button-link elementor-size-sm\" href=\"https:\/\/www.domusrental.com\/blog\/de\/category\/gardasee\/\">\n\t\t\t\t\t\t<span class=\"elementor-button-content-wrapper\">\n\t\t\t\t\t\t\t\t\t<span class=\"elementor-button-text\">Erfahren Sie mehr!<\/span>\n\t\t\t\t\t<\/span>\n\t\t\t\t\t<\/a>\n\t\t\t\t<\/div>\n\t\t\t\t\t\t\t\t<\/div>\n\t\t\t\t<\/div>\n\t\t\t\t<\/div>\n\t\t\t\t\t<\/div>\n\t\t<\/div>\n\t\t\t\t\t\t<\/div>\n\t\t\t\t<\/div>\n\t\t\t\t\t<\/div>\n\t\t<\/div>\n\t\t\t\t\t<\/div>\n\t\t<\/section>\n\t\t\t\t<section class=\"elementor-section elementor-top-section elementor-element elementor-element-6894c3c elementor-section-boxed elementor-section-height-default elementor-section-height-default\" data-id=\"6894c3c\" data-element_type=\"section\" data-e-type=\"section\" id=\"case\">\n\t\t\t\t\t\t<div class=\"elementor-container elementor-column-gap-default\">\n\t\t\t\t\t<div class=\"elementor-column elementor-col-100 elementor-top-column elementor-element elementor-element-1e3b3da\" data-id=\"1e3b3da\" data-element_type=\"column\" data-e-type=\"column\">\n\t\t\t<div class=\"elementor-widget-wrap elementor-element-populated\">\n\t\t\t\t\t\t<div class=\"elementor-element elementor-element-66cc307 elementor-widget-divider--view-line elementor-widget elementor-widget-divider\" data-id=\"66cc307\" data-element_type=\"widget\" data-e-type=\"widget\" data-widget_type=\"divider.default\">\n\t\t\t\t<div class=\"elementor-widget-container\">\n\t\t\t\t\t\t\t<div class=\"elementor-divider\">\n\t\t\t<span class=\"elementor-divider-separator\">\n\t\t\t\t\t\t<\/span>\n\t\t<\/div>\n\t\t\t\t\t\t<\/div>\n\t\t\t\t<\/div>\n\t\t\t\t<div class=\"elementor-element elementor-element-b8b9339 elementor-widget elementor-widget-icon-box\" data-id=\"b8b9339\" data-element_type=\"widget\" data-e-type=\"widget\" data-widget_type=\"icon-box.default\">\n\t\t\t\t<div class=\"elementor-widget-container\">\n\t\t\t\t\t\t\t<div class=\"elementor-icon-box-wrapper\">\n\n\t\t\t\n\t\t\t\t\t\t<div class=\"elementor-icon-box-content\">\n\n\t\t\t\t\t\t\t\t\t<h3 class=\"elementor-icon-box-title\">\n\t\t\t\t\t\t<span  >\n\t\t\t\t\t\t\tUnsere Ferienwohnungen am Gardasee\t\t\t\t\t\t<\/span>\n\t\t\t\t\t<\/h3>\n\t\t\t\t\n\t\t\t\t\n\t\t\t<\/div>\n\t\t\t\n\t\t<\/div>\n\t\t\t\t\t\t<\/div>\n\t\t\t\t<\/div>\n\t\t\t\t<div class=\"elementor-element elementor-element-76f243a elementor-widget elementor-widget-text-editor\" data-id=\"76f243a\" data-element_type=\"widget\" data-e-type=\"widget\" data-widget_type=\"text-editor.default\">\n\t\t\t\t<div class=\"elementor-widget-container\">\n\t\t\t\t\t\t\t\t\t<p>W\u00e4hlen Sie die perfekte L\u00f6sung f\u00fcr Ihren Aufenthalt, entdecken Sie n\u00fctzliche Tipps, um bestm\u00f6glich zu buchen und einen Traumurlaub zu erleben!<\/p>\t\t\t\t\t\t\t\t<\/div>\n\t\t\t\t<\/div>\n\t\t<div class=\"elementor-element elementor-element-3de5cc8 e-grid e-con-boxed e-con e-parent\" data-id=\"3de5cc8\" data-element_type=\"container\" data-e-type=\"container\">\n\t\t\t\t\t<div class=\"e-con-inner\">\n\t\t\t\t<div class=\"elementor-element elementor-element-87cda62 elementor-align-right elementor-widget elementor-widget-button\" data-id=\"87cda62\" data-element_type=\"widget\" data-e-type=\"widget\" data-widget_type=\"button.default\">\n\t\t\t\t<div class=\"elementor-widget-container\">\n\t\t\t\t\t\t\t\t\t<div class=\"elementor-button-wrapper\">\n\t\t\t\t\t<a class=\"elementor-button elementor-button-link elementor-size-sm\" href=\"https:\/\/www.domusrental.com\/de\/gardasee-unterkunft\/\">\n\t\t\t\t\t\t<span class=\"elementor-button-content-wrapper\">\n\t\t\t\t\t\t\t\t\t<span class=\"elementor-button-text\">Buchen Sie jetzt!<\/span>\n\t\t\t\t\t<\/span>\n\t\t\t\t\t<\/a>\n\t\t\t\t<\/div>\n\t\t\t\t\t\t\t\t<\/div>\n\t\t\t\t<\/div>\n\t\t\t\t<div class=\"elementor-element elementor-element-55d0766 elementor-widget elementor-widget-button\" data-id=\"55d0766\" data-element_type=\"widget\" data-e-type=\"widget\" data-widget_type=\"button.default\">\n\t\t\t\t<div class=\"elementor-widget-container\">\n\t\t\t\t\t\t\t\t\t<div class=\"elementor-button-wrapper\">\n\t\t\t\t\t<a class=\"elementor-button elementor-button-link elementor-size-sm\" href=\"https:\/\/www.domusrental.com\/blog\/de\/category\/vermietung-gardasee\/\">\n\t\t\t\t\t\t<span class=\"elementor-button-content-wrapper\">\n\t\t\t\t\t\t\t\t\t<span class=\"elementor-button-text\">Erfahren Sie mehr!<\/span>\n\t\t\t\t\t<\/span>\n\t\t\t\t\t<\/a>\n\t\t\t\t<\/div>\n\t\t\t\t\t\t\t\t<\/div>\n\t\t\t\t<\/div>\n\t\t\t\t\t<\/div>\n\t\t\t\t<\/div>\n\t\t\t\t\t<\/div>\n\t\t<\/div>\n\t\t\t\t\t<\/div>\n\t\t<\/section>\n\t\t\t\t<section class=\"elementor-section elementor-top-section elementor-element elementor-element-e43d043 elementor-section-boxed elementor-section-height-default elementor-section-height-default\" data-id=\"e43d043\" data-element_type=\"section\" data-e-type=\"section\">\n\t\t\t\t\t\t<div class=\"elementor-container elementor-column-gap-default\">\n\t\t\t\t\t<div class=\"elementor-column elementor-col-100 elementor-top-column elementor-element elementor-element-6bed3b8\" data-id=\"6bed3b8\" data-element_type=\"column\" data-e-type=\"column\">\n\t\t\t<div class=\"elementor-widget-wrap elementor-element-populated\">\n\t\t\t\t\t\t<div class=\"elementor-element elementor-element-787a6f4 elementor-widget-divider--view-line elementor-widget elementor-widget-divider\" data-id=\"787a6f4\" data-element_type=\"widget\" data-e-type=\"widget\" data-widget_type=\"divider.default\">\n\t\t\t\t<div class=\"elementor-widget-container\">\n\t\t\t\t\t\t\t<div class=\"elementor-divider\">\n\t\t\t<span class=\"elementor-divider-separator\">\n\t\t\t\t\t\t<\/span>\n\t\t<\/div>\n\t\t\t\t\t\t<\/div>\n\t\t\t\t<\/div>\n\t\t\t\t<div class=\"elementor-element elementor-element-6fda43c elementor-widget elementor-widget-heading\" data-id=\"6fda43c\" data-element_type=\"widget\" data-e-type=\"widget\" data-widget_type=\"heading.default\">\n\t\t\t\t<div class=\"elementor-widget-container\">\n\t\t\t\t\t<h2 class=\"elementor-heading-title elementor-size-default\">Entdecken Sie unsere besten Unterk\u00fcnfte am Gardasee<\/h2>\t\t\t\t<\/div>\n\t\t\t\t<\/div>\n\t\t\t\t\t<\/div>\n\t\t<\/div>\n\t\t\t\t\t<\/div>\n\t\t<\/section>\n\t\t\t\t<section class=\"elementor-section elementor-top-section elementor-element elementor-element-6954636 elementor-section-boxed elementor-section-height-default elementor-section-height-default\" data-id=\"6954636\" data-element_type=\"section\" data-e-type=\"section\">\n\t\t\t\t\t\t<div class=\"elementor-container elementor-column-gap-default\">\n\t\t\t\t\t<div class=\"elementor-column elementor-col-33 elementor-top-column elementor-element elementor-element-0db942f\" data-id=\"0db942f\" data-element_type=\"column\" data-e-type=\"column\">\n\t\t\t<div class=\"elementor-widget-wrap elementor-element-populated\">\n\t\t\t\t\t\t<div class=\"elementor-element elementor-element-6be44a1 elementor-cta--skin-cover elementor-animated-content elementor-bg-transform elementor-bg-transform-zoom-in elementor-widget elementor-widget-call-to-action\" data-id=\"6be44a1\" data-element_type=\"widget\" data-e-type=\"widget\" data-widget_type=\"call-to-action.default\">\n\t\t\t\t<div class=\"elementor-widget-container\">\n\t\t\t\t\t\t\t<a class=\"elementor-cta\" href=\"https:\/\/www.domusrental.com\/de\/villa-gardasee\/\">\n\t\t\t\t\t<div class=\"elementor-cta__bg-wrapper\">\n\t\t\t\t<div class=\"elementor-cta__bg elementor-bg\" style=\"background-image: url(https:\/\/www.domusrental.com\/blog\/wp-content\/uploads\/2024\/04\/3-review-1-1-1920x630.jpg);\" role=\"img\" aria-label=\"3-review-1.jpg\"><\/div>\n\t\t\t\t<div class=\"elementor-cta__bg-overlay\"><\/div>\n\t\t\t<\/div>\n\t\t\t\t\t\t\t<div class=\"elementor-cta__content\">\n\t\t\t\t\n\t\t\t\t\n\t\t\t\t\n\t\t\t\t\t\t\t\t\t<div class=\"elementor-cta__button-wrapper elementor-cta__content-item elementor-content-item elementor-animated-item--grow\">\n\t\t\t\t\t<span class=\"elementor-cta__button elementor-button elementor-size-\">\n\t\t\t\t\t\tVilla Gardasee\t\t\t\t\t<\/span>\n\t\t\t\t\t<\/div>\n\t\t\t\t\t\t\t<\/div>\n\t\t\t\t\t\t<\/a>\n\t\t\t\t\t\t<\/div>\n\t\t\t\t<\/div>\n\t\t\t\t\t<\/div>\n\t\t<\/div>\n\t\t\t\t<div class=\"elementor-column elementor-col-33 elementor-top-column elementor-element elementor-element-489c405\" data-id=\"489c405\" data-element_type=\"column\" data-e-type=\"column\">\n\t\t\t<div class=\"elementor-widget-wrap elementor-element-populated\">\n\t\t\t\t\t\t<div class=\"elementor-element elementor-element-5c60caf elementor-cta--skin-cover elementor-animated-content elementor-bg-transform elementor-bg-transform-zoom-in elementor-widget elementor-widget-call-to-action\" data-id=\"5c60caf\" data-element_type=\"widget\" data-e-type=\"widget\" data-widget_type=\"call-to-action.default\">\n\t\t\t\t<div class=\"elementor-widget-container\">\n\t\t\t\t\t\t\t<a class=\"elementor-cta\" href=\"https:\/\/www.domusrental.com\/de\/gardasee-unterkunft\/\">\n\t\t\t\t\t<div class=\"elementor-cta__bg-wrapper\">\n\t\t\t\t<div class=\"elementor-cta__bg elementor-bg\" style=\"background-image: url(https:\/\/www.domusrental.com\/blog\/wp-content\/uploads\/2024\/04\/iStock-1414288968-1-1-1521x630.jpg);\" role=\"img\" aria-label=\"iStock-1414288968-1.jpg\"><\/div>\n\t\t\t\t<div class=\"elementor-cta__bg-overlay\"><\/div>\n\t\t\t<\/div>\n\t\t\t\t\t\t\t<div class=\"elementor-cta__content\">\n\t\t\t\t\n\t\t\t\t\n\t\t\t\t\n\t\t\t\t\t\t\t\t\t<div class=\"elementor-cta__button-wrapper elementor-cta__content-item elementor-content-item elementor-animated-item--grow\">\n\t\t\t\t\t<span class=\"elementor-cta__button elementor-button elementor-size-\">\n\t\t\t\t\t\tUnterk\u00fcnfte am Gardasee\t\t\t\t\t<\/span>\n\t\t\t\t\t<\/div>\n\t\t\t\t\t\t\t<\/div>\n\t\t\t\t\t\t<\/a>\n\t\t\t\t\t\t<\/div>\n\t\t\t\t<\/div>\n\t\t\t\t\t<\/div>\n\t\t<\/div>\n\t\t\t\t<div class=\"elementor-column elementor-col-33 elementor-top-column elementor-element elementor-element-cf4981b\" data-id=\"cf4981b\" data-element_type=\"column\" data-e-type=\"column\">\n\t\t\t<div class=\"elementor-widget-wrap elementor-element-populated\">\n\t\t\t\t\t\t<div class=\"elementor-element elementor-element-0948193 elementor-cta--skin-cover elementor-animated-content elementor-bg-transform elementor-bg-transform-zoom-in elementor-widget elementor-widget-call-to-action\" data-id=\"0948193\" data-element_type=\"widget\" data-e-type=\"widget\" data-widget_type=\"call-to-action.default\">\n\t\t\t\t<div class=\"elementor-widget-container\">\n\t\t\t\t\t\t\t<a class=\"elementor-cta\" href=\"https:\/\/www.domusrental.com\/de\/ferienwohnungen-gardasee\/\">\n\t\t\t\t\t<div class=\"elementor-cta__bg-wrapper\">\n\t\t\t\t<div class=\"elementor-cta__bg elementor-bg\" style=\"background-image: url(https:\/\/www.domusrental.com\/blog\/wp-content\/uploads\/2024\/04\/apartments-in-lake-garda-1-1-1533x630.jpg);\" role=\"img\" aria-label=\"apartments-in-lake-garda-1.jpg\"><\/div>\n\t\t\t\t<div class=\"elementor-cta__bg-overlay\"><\/div>\n\t\t\t<\/div>\n\t\t\t\t\t\t\t<div class=\"elementor-cta__content\">\n\t\t\t\t\n\t\t\t\t\n\t\t\t\t\n\t\t\t\t\t\t\t\t\t<div class=\"elementor-cta__button-wrapper elementor-cta__content-item elementor-content-item elementor-animated-item--grow\">\n\t\t\t\t\t<span class=\"elementor-cta__button elementor-button elementor-size-\">\n\t\t\t\t\t\tFerienwohnungen am Gardasee\t\t\t\t\t<\/span>\n\t\t\t\t\t<\/div>\n\t\t\t\t\t\t\t<\/div>\n\t\t\t\t\t\t<\/a>\n\t\t\t\t\t\t<\/div>\n\t\t\t\t<\/div>\n\t\t\t\t\t<\/div>\n\t\t<\/div>\n\t\t\t\t\t<\/div>\n\t\t<\/section>\n\t\t\t\t<\/div>\n\t\t","protected":false},"excerpt":{"rendered":"<p>Suche SUCHE Willkommen am bezaubernden Gardasee Begleiten Sie uns auf einer Entdeckungsreise, w\u00e4hrend wir die atemberaubenden Landschaften, charmanten St\u00e4dtchen am See und verborgene Sch\u00e4tze erkunden,<\/p>\n","protected":false},"author":2,"featured_media":2321,"parent":0,"menu_order":0,"comment_status":"closed","ping_status":"closed","template":"","meta":{"footnotes":""},"class_list":["post-42","page","type-page","status-publish","has-post-thumbnail","hentry"],"yoast_head":"<!-- This site is optimized with the Yoast SEO plugin v27.4 - https:\/\/yoast.com\/product\/yoast-seo-wordpress\/ -->\n<title>Blog | Domus Rental<\/title>\n<meta name=\"description\" content=\"Entdecken Sie den Gardasee: Erkunden Sie charmante D\u00f6rfer und Landschaften. Genie\u00dfen Sie Kultur und K\u00fcche. Buchen Sie jetzt!\" \/>\n<meta name=\"robots\" content=\"index, follow, max-snippet:-1, max-image-preview:large, max-video-preview:-1\" \/>\n<link rel=\"canonical\" href=\"https:\/\/www.domusrental.com\/blog\/de\/\" \/>\n<meta property=\"og:locale\" content=\"de_DE\" \/>\n<meta property=\"og:type\" content=\"article\" \/>\n<meta property=\"og:title\" content=\"Blog | Domus Rental\" \/>\n<meta property=\"og:description\" content=\"Entdecken Sie den Gardasee: Erkunden Sie charmante D\u00f6rfer und Landschaften. Genie\u00dfen Sie Kultur und K\u00fcche. Buchen Sie jetzt!\" \/>\n<meta property=\"og:url\" content=\"https:\/\/www.domusrental.com\/blog\/de\/\" \/>\n<meta property=\"og:site_name\" content=\"Blog | Domus Rental\" \/>\n<meta property=\"article:publisher\" content=\"https:\/\/www.facebook.com\/domusrental\" \/>\n<meta property=\"article:modified_time\" content=\"2025-11-21T08:49:06+00:00\" \/>\n<meta property=\"og:image\" content=\"https:\/\/www.domusrental.com\/blog\/wp-content\/uploads\/2024\/06\/1696859199f21d4540b3322068220fd101242e05fb.jpg\" \/>\n\t<meta property=\"og:image:width\" content=\"2560\" \/>\n\t<meta property=\"og:image:height\" content=\"1707\" \/>\n\t<meta property=\"og:image:type\" content=\"image\/jpeg\" \/>\n<meta name=\"twitter:card\" content=\"summary_large_image\" \/>\n<meta name=\"twitter:site\" content=\"@DomusRental\" \/>\n<meta name=\"twitter:label1\" content=\"Gesch\u00e4tzte Lesezeit\" \/>\n\t<meta name=\"twitter:data1\" content=\"20\u00a0Minuten\" \/>\n<script type=\"application\/ld+json\" class=\"yoast-schema-graph\">{\"@context\":\"https:\\\/\\\/schema.org\",\"@graph\":[{\"@type\":\"WebPage\",\"@id\":\"https:\\\/\\\/www.domusrental.com\\\/blog\\\/de\\\/\",\"url\":\"https:\\\/\\\/www.domusrental.com\\\/blog\\\/de\\\/\",\"name\":\"Blog | Domus Rental\",\"isPartOf\":{\"@id\":\"https:\\\/\\\/www.domusrental.com\\\/blog\\\/#website\"},\"primaryImageOfPage\":{\"@id\":\"https:\\\/\\\/www.domusrental.com\\\/blog\\\/de\\\/#primaryimage\"},\"image\":{\"@id\":\"https:\\\/\\\/www.domusrental.com\\\/blog\\\/de\\\/#primaryimage\"},\"thumbnailUrl\":\"https:\\\/\\\/www.domusrental.com\\\/blog\\\/wp-content\\\/uploads\\\/2024\\\/06\\\/1696859199f21d4540b3322068220fd101242e05fb.jpg\",\"datePublished\":\"2023-06-08T14:24:58+00:00\",\"dateModified\":\"2025-11-21T08:49:06+00:00\",\"description\":\"Entdecken Sie den Gardasee: Erkunden Sie charmante D\u00f6rfer und Landschaften. Genie\u00dfen Sie Kultur und K\u00fcche. Buchen Sie jetzt!\",\"breadcrumb\":{\"@id\":\"https:\\\/\\\/www.domusrental.com\\\/blog\\\/de\\\/#breadcrumb\"},\"inLanguage\":\"de\",\"potentialAction\":[{\"@type\":\"ReadAction\",\"target\":[\"https:\\\/\\\/www.domusrental.com\\\/blog\\\/de\\\/\"]}]},{\"@type\":\"ImageObject\",\"inLanguage\":\"de\",\"@id\":\"https:\\\/\\\/www.domusrental.com\\\/blog\\\/de\\\/#primaryimage\",\"url\":\"https:\\\/\\\/www.domusrental.com\\\/blog\\\/wp-content\\\/uploads\\\/2024\\\/06\\\/1696859199f21d4540b3322068220fd101242e05fb.jpg\",\"contentUrl\":\"https:\\\/\\\/www.domusrental.com\\\/blog\\\/wp-content\\\/uploads\\\/2024\\\/06\\\/1696859199f21d4540b3322068220fd101242e05fb.jpg\",\"width\":2560,\"height\":1707},{\"@type\":\"BreadcrumbList\",\"@id\":\"https:\\\/\\\/www.domusrental.com\\\/blog\\\/de\\\/#breadcrumb\",\"itemListElement\":[{\"@type\":\"ListItem\",\"position\":1,\"name\":\"Home\",\"item\":\"https:\\\/\\\/www.domusrental.com\\\/blog\\\/de\\\/\"},{\"@type\":\"ListItem\",\"position\":2,\"name\":\"Blog | Domus Rental\"}]},{\"@type\":\"WebSite\",\"@id\":\"https:\\\/\\\/www.domusrental.com\\\/blog\\\/#website\",\"url\":\"https:\\\/\\\/www.domusrental.com\\\/blog\\\/\",\"name\":\"Domus Rental\",\"description\":\"\",\"publisher\":{\"@id\":\"https:\\\/\\\/www.domusrental.com\\\/blog\\\/#organization\"},\"potentialAction\":[{\"@type\":\"SearchAction\",\"target\":{\"@type\":\"EntryPoint\",\"urlTemplate\":\"https:\\\/\\\/www.domusrental.com\\\/blog\\\/?s={search_term_string}\"},\"query-input\":{\"@type\":\"PropertyValueSpecification\",\"valueRequired\":true,\"valueName\":\"search_term_string\"}}],\"inLanguage\":\"de\"},{\"@type\":\"Organization\",\"@id\":\"https:\\\/\\\/www.domusrental.com\\\/blog\\\/#organization\",\"name\":\"Blog | Domus Rental\",\"url\":\"https:\\\/\\\/www.domusrental.com\\\/blog\\\/\",\"logo\":{\"@type\":\"ImageObject\",\"inLanguage\":\"de\",\"@id\":\"https:\\\/\\\/www.domusrental.com\\\/blog\\\/#\\\/schema\\\/logo\\\/image\\\/\",\"url\":\"https:\\\/\\\/www.domusrental.com\\\/blog\\\/wp-content\\\/uploads\\\/2024\\\/04\\\/favicon.png\",\"contentUrl\":\"https:\\\/\\\/www.domusrental.com\\\/blog\\\/wp-content\\\/uploads\\\/2024\\\/04\\\/favicon.png\",\"width\":298,\"height\":298,\"caption\":\"Blog | Domus Rental\"},\"image\":{\"@id\":\"https:\\\/\\\/www.domusrental.com\\\/blog\\\/#\\\/schema\\\/logo\\\/image\\\/\"},\"sameAs\":[\"https:\\\/\\\/www.facebook.com\\\/domusrental\",\"https:\\\/\\\/x.com\\\/DomusRental\"]}]}<\/script>\n<!-- \/ Yoast SEO plugin. -->","yoast_head_json":{"title":"Blog | Domus Rental","description":"Entdecken Sie den Gardasee: Erkunden Sie charmante D\u00f6rfer und Landschaften. Genie\u00dfen Sie Kultur und K\u00fcche. Buchen Sie jetzt!","robots":{"index":"index","follow":"follow","max-snippet":"max-snippet:-1","max-image-preview":"max-image-preview:large","max-video-preview":"max-video-preview:-1"},"canonical":"https:\/\/www.domusrental.com\/blog\/de\/","og_locale":"de_DE","og_type":"article","og_title":"Blog | Domus Rental","og_description":"Entdecken Sie den Gardasee: Erkunden Sie charmante D\u00f6rfer und Landschaften. Genie\u00dfen Sie Kultur und K\u00fcche. Buchen Sie jetzt!","og_url":"https:\/\/www.domusrental.com\/blog\/de\/","og_site_name":"Blog | Domus Rental","article_publisher":"https:\/\/www.facebook.com\/domusrental","article_modified_time":"2025-11-21T08:49:06+00:00","og_image":[{"width":2560,"height":1707,"url":"https:\/\/www.domusrental.com\/blog\/wp-content\/uploads\/2024\/06\/1696859199f21d4540b3322068220fd101242e05fb.jpg","type":"image\/jpeg"}],"twitter_card":"summary_large_image","twitter_site":"@DomusRental","twitter_misc":{"Gesch\u00e4tzte Lesezeit":"20\u00a0Minuten"},"schema":{"@context":"https:\/\/schema.org","@graph":[{"@type":"WebPage","@id":"https:\/\/www.domusrental.com\/blog\/de\/","url":"https:\/\/www.domusrental.com\/blog\/de\/","name":"Blog | Domus Rental","isPartOf":{"@id":"https:\/\/www.domusrental.com\/blog\/#website"},"primaryImageOfPage":{"@id":"https:\/\/www.domusrental.com\/blog\/de\/#primaryimage"},"image":{"@id":"https:\/\/www.domusrental.com\/blog\/de\/#primaryimage"},"thumbnailUrl":"https:\/\/www.domusrental.com\/blog\/wp-content\/uploads\/2024\/06\/1696859199f21d4540b3322068220fd101242e05fb.jpg","datePublished":"2023-06-08T14:24:58+00:00","dateModified":"2025-11-21T08:49:06+00:00","description":"Entdecken Sie den Gardasee: Erkunden Sie charmante D\u00f6rfer und Landschaften. Genie\u00dfen Sie Kultur und K\u00fcche. Buchen Sie jetzt!","breadcrumb":{"@id":"https:\/\/www.domusrental.com\/blog\/de\/#breadcrumb"},"inLanguage":"de","potentialAction":[{"@type":"ReadAction","target":["https:\/\/www.domusrental.com\/blog\/de\/"]}]},{"@type":"ImageObject","inLanguage":"de","@id":"https:\/\/www.domusrental.com\/blog\/de\/#primaryimage","url":"https:\/\/www.domusrental.com\/blog\/wp-content\/uploads\/2024\/06\/1696859199f21d4540b3322068220fd101242e05fb.jpg","contentUrl":"https:\/\/www.domusrental.com\/blog\/wp-content\/uploads\/2024\/06\/1696859199f21d4540b3322068220fd101242e05fb.jpg","width":2560,"height":1707},{"@type":"BreadcrumbList","@id":"https:\/\/www.domusrental.com\/blog\/de\/#breadcrumb","itemListElement":[{"@type":"ListItem","position":1,"name":"Home","item":"https:\/\/www.domusrental.com\/blog\/de\/"},{"@type":"ListItem","position":2,"name":"Blog | Domus Rental"}]},{"@type":"WebSite","@id":"https:\/\/www.domusrental.com\/blog\/#website","url":"https:\/\/www.domusrental.com\/blog\/","name":"Domus Rental","description":"","publisher":{"@id":"https:\/\/www.domusrental.com\/blog\/#organization"},"potentialAction":[{"@type":"SearchAction","target":{"@type":"EntryPoint","urlTemplate":"https:\/\/www.domusrental.com\/blog\/?s={search_term_string}"},"query-input":{"@type":"PropertyValueSpecification","valueRequired":true,"valueName":"search_term_string"}}],"inLanguage":"de"},{"@type":"Organization","@id":"https:\/\/www.domusrental.com\/blog\/#organization","name":"Blog | Domus Rental","url":"https:\/\/www.domusrental.com\/blog\/","logo":{"@type":"ImageObject","inLanguage":"de","@id":"https:\/\/www.domusrental.com\/blog\/#\/schema\/logo\/image\/","url":"https:\/\/www.domusrental.com\/blog\/wp-content\/uploads\/2024\/04\/favicon.png","contentUrl":"https:\/\/www.domusrental.com\/blog\/wp-content\/uploads\/2024\/04\/favicon.png","width":298,"height":298,"caption":"Blog | Domus Rental"},"image":{"@id":"https:\/\/www.domusrental.com\/blog\/#\/schema\/logo\/image\/"},"sameAs":["https:\/\/www.facebook.com\/domusrental","https:\/\/x.com\/DomusRental"]}]}},"_links":{"self":[{"href":"https:\/\/www.domusrental.com\/blog\/de\/wp-json\/wp\/v2\/pages\/42","targetHints":{"allow":["GET"]}}],"collection":[{"href":"https:\/\/www.domusrental.com\/blog\/de\/wp-json\/wp\/v2\/pages"}],"about":[{"href":"https:\/\/www.domusrental.com\/blog\/de\/wp-json\/wp\/v2\/types\/page"}],"author":[{"embeddable":true,"href":"https:\/\/www.domusrental.com\/blog\/de\/wp-json\/wp\/v2\/users\/2"}],"replies":[{"embeddable":true,"href":"https:\/\/www.domusrental.com\/blog\/de\/wp-json\/wp\/v2\/comments?post=42"}],"version-history":[{"count":95,"href":"https:\/\/www.domusrental.com\/blog\/de\/wp-json\/wp\/v2\/pages\/42\/revisions"}],"predecessor-version":[{"id":5039,"href":"https:\/\/www.domusrental.com\/blog\/de\/wp-json\/wp\/v2\/pages\/42\/revisions\/5039"}],"wp:featuredmedia":[{"embeddable":true,"href":"https:\/\/www.domusrental.com\/blog\/de\/wp-json\/wp\/v2\/media\/2321"}],"wp:attachment":[{"href":"https:\/\/www.domusrental.com\/blog\/de\/wp-json\/wp\/v2\/media?parent=42"}],"curies":[{"name":"wp","href":"https:\/\/api.w.org\/{rel}","templated":true}]}}